{"id":469,"date":"2025-01-07T10:50:55","date_gmt":"2025-01-07T09:50:55","guid":{"rendered":"https:\/\/www.camping-laprevote.fr\/?page_id=469"},"modified":"2025-02-07T12:35:40","modified_gmt":"2025-02-07T11:35:40","slug":"cote-iles","status":"publish","type":"page","link":"https:\/\/www.camping-laprevote.fr\/en\/cote-iles\/","title":{"rendered":"The islands"},"content":{"rendered":"<div class=\"wp-block-stackable-columns stk-block-columns stk-block stk-421c18e\" data-block-id=\"421c18e\"><style>.stk-421c18e .stk--block-align-421c18e{align-items:center !important;}.stk-421c18e {margin-right:10% !important;margin-left:10% !important;}.stk-421c18e-column{--stk-column-gap:10px !important;}<\/style><div class=\"stk-row stk-inner-blocks stk--block-align-421c18e stk-block-content stk-content-align stk-421c18e-column\">\n<div class=\"wp-block-stackable-column stk-block-column stk-column stk-block stk-35c79c6\" data-v=\"4\" data-block-id=\"35c79c6\"><div class=\"stk-column-wrapper stk-block-column__content stk-container stk-35c79c6-container stk--no-background stk--no-padding\"><div class=\"stk-block-content stk-inner-blocks stk-35c79c6-inner-blocks\">\n<div class=\"wp-block-stackable-heading stk-block-heading stk-block-heading--v2 stk-block stk-ec7c8bb\" id=\"strong-lile-d-yeu-joyau-de-l-atlantique-strong\" data-block-id=\"ec7c8bb\"><style>.stk-ec7c8bb .stk-block-heading__text{font-size:25px !important;text-transform:uppercase !important;}@media screen and (max-width: 1023px){.stk-ec7c8bb .stk-block-heading__text{font-size:25px !important;}}<\/style><h2 class=\"stk-block-heading__text\"><strong>Yeu Island, Jewel of the Atlantic<\/strong><\/h2><\/div>\n\n\n\n<div class=\"wp-block-stackable-text stk-block-text stk-block stk-044fcc3\" data-block-id=\"044fcc3\"><style>.stk-044fcc3 {margin-bottom:7px !important;}.stk-044fcc3 .stk-block-text__text{font-size:20px !important;}@media screen and (max-width: 1023px){.stk-044fcc3 .stk-block-text__text{font-size:20px !important;}}<\/style><p class=\"stk-block-text__text\"><strong>A must for your holidays. <br><\/strong><br>Let us take you on board <strong>boat<\/strong>with the possibility of making the crossing in 1 hour from<a href=\"https:\/\/www.camping-laprevote.fr\/en\/city-coast\/saint-gilles-croix-de-vie\/\" data-type=\"page\" data-id=\"435\"> St Gilles Croix de Vie<\/a>). You'll arrive in Port Joinville and be able to discover an island packed with must-see places to visit on foot, by bike or on foot. <strong>bike <\/strong>(hire on site) or by little train. If you're a keen walker, there are plenty of paths along the coast.<br><br>A wide range of activities awaits you, and there's something for everyone, including <strong>nautical<\/strong>sports, culture...<br><br>The old <strong>castle <\/strong>is one of the emblems of the island and is a listed historic monument. A guided tour of this fortress is available. <\/p><\/div>\n\n\n\n<div class=\"wp-block-stackable-text stk-block-text stk-block stk-c1b67e1\" data-block-id=\"c1b67e1\"><style>.stk-c1b67e1 .stk-block-text__text{font-size:0.9em !important;}@media screen and (max-width: 1023px){.stk-c1b67e1 .stk-block-text__text{font-size:0.9em !important;}}<\/style><p class=\"stk-block-text__text\">Are you curious about the history of the <strong>fishing<\/strong>If you want to find out more about the SNSM and its volunteer rescuers, don't hesitate to visit the fishing museum and the rescue museum.<br><br>The island is bursting with magnificent <strong>landscapes<\/strong> with its cliffs, coves and fine sandy beaches. Come and stroll along the <strong>port de la meule<\/strong>You can also admire the Pointe du Corbeau and its lighthouse in the south-east of the island. <\/p><\/div>\n\n\n\n<div class=\"wp-block-stackable-text stk-block-text stk-block stk-57f81c3\" data-block-id=\"57f81c3\"><style>.stk-57f81c3 .stk-block-text__text{font-size:0.9em !important;}@media screen and (max-width: 1023px){.stk-57f81c3 .stk-block-text__text{font-size:0.9em !important;}}<\/style><p class=\"stk-block-text__text\">So many great things to discover or do on this island, which is 9.5km long and 4.5km wide.<\/p><\/div>\n<\/div><\/div><\/div>\n\n\n\n<div class=\"wp-block-stackable-column stk-block-column stk-column stk-block stk-d2531f0\" data-v=\"4\" data-block-id=\"d2531f0\"><div class=\"stk-column-wrapper stk-block-column__content stk-container stk-d2531f0-container stk--no-background stk--no-padding\"><div class=\"stk-block-content stk-inner-blocks stk-d2531f0-inner-blocks\">\n<div class=\"wp-block-stackable-image stk-block-image stk-block stk-5accae6\" data-block-id=\"5accae6\"><style>.stk-5accae6 {border-top-right-radius:60px !important;border-bottom-left-radius:60px !important;overflow:hidden !important;box-shadow:0px 0px 10px 2px #0000008c !important;}<\/style><figure><span class=\"stk-img-wrapper stk-image--shape-stretch\"><img alt=\"yeu\" loading=\"lazy\" decoding=\"async\" class=\"stk-img wp-image-475\" src=\"https:\/\/www.camping-laprevote.fr\/wp-content\/uploads\/2025\/01\/ile-d-yeu-IMG_8319-Personnalise.jpg\" width=\"900\" height=\"600\" srcset=\"https:\/\/www.camping-laprevote.fr\/wp-content\/uploads\/2025\/01\/ile-d-yeu-IMG_8319-Personnalise.jpg 900w, https:\/\/www.camping-laprevote.fr\/wp-content\/uploads\/2025\/01\/ile-d-yeu-IMG_8319-Personnalise-300x200.jpg 300w, https:\/\/www.camping-laprevote.fr\/wp-content\/uploads\/2025\/01\/ile-d-yeu-IMG_8319-Personnalise-768x512.jpg 768w, https:\/\/www.camping-laprevote.fr\/wp-content\/uploads\/2025\/01\/ile-d-yeu-IMG_8319-Personnalise-500x333.jpg 500w, https:\/\/www.camping-laprevote.fr\/wp-content\/uploads\/2025\/01\/ile-d-yeu-IMG_8319-Personnalise-800x533.jpg 800w\" sizes=\"auto, (max-width: 900px) 100vw, 900px\" \/><\/span><\/figure><\/div>\n<\/div><\/div><\/div>\n<\/div><\/div>\n\n\n\n<div class=\"wp-block-stackable-heading stk-block-heading stk-block-heading--v2 stk-block stk-e4eece2 stk-block-background\" id=\"strong-lile-de-noirmoutier-strong\" data-block-id=\"e4eece2\"><style>.stk-e4eece2 {background-color:#7bad502e !important;padding-top:57px !important;padding-right:57px !important;padding-left:57px !important;margin-right:10% !important;margin-bottom:0% !important;margin-left:10% !important;}.stk-e4eece2:before{background-color:#7bad502e !important;}.stk-e4eece2 .stk-block-heading__text{font-size:25px !important;color:#7bad4f !important;text-transform:uppercase !important;}@media screen and (max-width: 1023px){.stk-e4eece2 .stk-block-heading__text{font-size:25px !important;}}<\/style><h2 class=\"stk-block-heading__text has-text-color\"><strong>The island of Noirmoutier<\/strong><\/h2><\/div>\n\n\n\n<div class=\"wp-block-stackable-text stk-block-text stk-block stk-dd0b8e5 stk-block-background\" data-block-id=\"dd0b8e5\"><style>.stk-dd0b8e5 {background-color:#7bad502e !important;padding-top:41px !important;padding-right:41px !important;padding-bottom:41px !important;padding-left:41px !important;margin-right:10% !important;margin-bottom:0% !important;margin-left:10% !important;}.stk-dd0b8e5:before{background-color:#7bad502e !important;}.stk-dd0b8e5 .stk-block-text__text{font-size:20px !important;}@media screen and (max-width: 1023px){.stk-dd0b8e5 .stk-block-text__text{font-size:20px !important;}}<\/style><p class=\"stk-block-text__text\">An island linked to the mainland by a submersible causeway\" The famous <strong>passage du Gois \"<\/strong>but also by a bridge. <br>The island is made up of 3 communes: Noirmoutier, Barb\u00e2tre, l'Epine and la Gu\u00e9rini\u00e8re.<br><br>Just 1 hour from the campsite, you can go for a stroll on your own, with your partner, family or friends. Noirmoutier has been awarded the <strong>Small town with character<\/strong>.<\/p><\/div>\n\n\n\n<div class=\"wp-block-stackable-columns stk-block-columns stk-block stk-4563296 stk-block-background\" data-block-id=\"4563296\"><style>.stk-4563296 .stk--block-align-4563296{align-items:center !important;}.stk-4563296 {background-color:#7bad502e !important;margin-right:10% !important;margin-left:10% !important;}.stk-4563296:before{background-color:#7bad502e !important;}.stk-4563296-column{--stk-column-gap:10px !important;}<\/style><div class=\"stk-row stk-inner-blocks stk--block-align-4563296 stk-block-content stk-content-align stk-4563296-column\">\n<div class=\"wp-block-stackable-column stk-block-column stk-column stk-block stk-b516799\" data-v=\"4\" data-block-id=\"b516799\"><div class=\"stk-column-wrapper stk-block-column__content stk-container stk-b516799-container stk--no-background stk--no-padding\"><div class=\"stk-block-content stk-inner-blocks stk-b516799-inner-blocks\">\n<div class=\"wp-block-stackable-image stk-block-image stk-block stk-6e1253c\" data-block-id=\"6e1253c\"><style>.stk-6e1253c {border-top-right-radius:60px !important;border-bottom-left-radius:60px !important;overflow:hidden !important;box-shadow:0px 0px 10px 2px #0000008c !important;}<\/style><figure><span class=\"stk-img-wrapper stk-image--shape-stretch\"><img alt=\"Noirmoutier\" loading=\"lazy\" decoding=\"async\" class=\"stk-img wp-image-476\" src=\"https:\/\/www.camping-laprevote.fr\/wp-content\/uploads\/2025\/01\/Bois-de-la-chaise-noirmoutier-IMG_8486-Personnalise.jpg\" width=\"900\" height=\"600\" srcset=\"https:\/\/www.camping-laprevote.fr\/wp-content\/uploads\/2025\/01\/Bois-de-la-chaise-noirmoutier-IMG_8486-Personnalise.jpg 900w, https:\/\/www.camping-laprevote.fr\/wp-content\/uploads\/2025\/01\/Bois-de-la-chaise-noirmoutier-IMG_8486-Personnalise-300x200.jpg 300w, https:\/\/www.camping-laprevote.fr\/wp-content\/uploads\/2025\/01\/Bois-de-la-chaise-noirmoutier-IMG_8486-Personnalise-768x512.jpg 768w, https:\/\/www.camping-laprevote.fr\/wp-content\/uploads\/2025\/01\/Bois-de-la-chaise-noirmoutier-IMG_8486-Personnalise-500x333.jpg 500w, https:\/\/www.camping-laprevote.fr\/wp-content\/uploads\/2025\/01\/Bois-de-la-chaise-noirmoutier-IMG_8486-Personnalise-800x533.jpg 800w\" sizes=\"auto, (max-width: 900px) 100vw, 900px\" \/><\/span><\/figure><\/div>\n<\/div><\/div><\/div>\n\n\n\n<div class=\"wp-block-stackable-column stk-block-column stk-column stk-block stk-852b1a5\" data-v=\"4\" data-block-id=\"852b1a5\"><div class=\"stk-column-wrapper stk-block-column__content stk-container stk-852b1a5-container stk--no-background stk--no-padding\"><div class=\"stk-block-content stk-inner-blocks stk-852b1a5-inner-blocks\">\n<div class=\"wp-block-stackable-text stk-block-text stk-block stk-25d19d3\" data-block-id=\"25d19d3\"><style>.stk-25d19d3 {margin-bottom:7px !important;}.stk-25d19d3 .stk-block-text__text{font-size:20px !important;}@media screen and (max-width: 1023px){.stk-25d19d3 .stk-block-text__text{font-size:20px !important;}}<\/style><p class=\"stk-block-text__text\">For World War II enthusiasts, the Atlantic Wall Memory offers you the chance to visit the blockhouses of the Tirpitz Battery and see the remains of the Atlantic Wall. If you're curious about history, visit the <strong>castle <\/strong>Noirmoutier is a listed medieval castle. It is one of the best-preserved ch\u00e2teaux in the Vend\u00e9e.<br><br>Lepidopterists can discover the Butterfly Island at La Gu\u00e9rini\u00e8re. They can also discover the pleasant scents of the Savonnerie Artisanale. If you have the time, visit <strong>the aquarium <\/strong>of Noirmoutier. <\/p><\/div>\n\n\n\n<div class=\"wp-block-stackable-text stk-block-text stk-block stk-095c553\" data-block-id=\"095c553\"><style>.stk-095c553 .stk-block-text__text{font-size:0.9em !important;}@media screen and (max-width: 1023px){.stk-095c553 .stk-block-text__text{font-size:0.9em !important;}}<\/style><p class=\"stk-block-text__text\">The port of L'Herbaudi\u00e8re is a lively fishing port. A marina was also built in 1973, the first of its kind in France. <strong>Vend\u00e9e<\/strong>. The pontoons are not accessible to the public, but you can enjoy a pleasant stroll along the quayside.<br><br>The must-see spots in the <strong>wood of the chair<\/strong> The island's many attractions include the pointe de saint Pierre, the plage de dames, les Souzeaux, the anse rouge lighthouse and the plage des sableaux. The island is packed with places to visit and things to do.<\/p><\/div>\n<\/div><\/div><\/div>\n<\/div><\/div>\n\n\n<div class=\"wp-block-visual-portfolio alignwide\">\n<div class=\"vp-portfolio vp-uid-41f6a284 vp-id-Z1DqkBo\"\n\tdata-vp-layout=\"tiles\" data-vp-content-source=\"images\" data-vp-items-style=\"default\" data-vp-items-click-action=\"popup_gallery\" data-vp-items-gap=\"15\" data-vp-items-gap-vertical=\"\" data-vp-pagination=\"load-more\" data-vp-next-page-url=\"\" data-vp-tiles-type=\"4|1,1|\" >\n\t<div class=\"vp-portfolio__preloader-wrap\">\n\t\t<div class=\"vp-portfolio__preloader\">\n\t\t\t<img decoding=\"async\" loading=\"eager\" src=\"https:\/\/www.camping-laprevote.fr\/wp-content\/plugins\/visual-portfolio\/assets\/images\/logo-dark.svg\" alt=\"Visual Portfolio, Posts &amp; Image Gallery for WordPress\" width=\"20\" height=\"20\" data-skip-lazy>\n\t\t<\/div>\n\t<\/div>\n\t\t<div class=\"vp-portfolio__items-wrap\">\n\t\t\t\n<div class=\"vp-portfolio__items vp-portfolio__items-style-default vp-portfolio__items-show-overlay-hover\">\n\n\t\t<div\t\tclass=\"vp-portfolio__item-wrap vp-portfolio__item-uid-42fc93ce\" data-vp-filter=\"\" \t\t>\n\t\t\t<template class=\"vp-portfolio__item-popup\" style=\"display: none\" data-vp-popup-img=\"https:\/\/www.camping-laprevote.fr\/wp-content\/uploads\/2025\/01\/ile-d-yeu-IMG_8494-Personnalise.jpg\" data-vp-popup-img-srcset=\"https:\/\/www.camping-laprevote.fr\/wp-content\/uploads\/2025\/01\/ile-d-yeu-IMG_8494-Personnalise.jpg 900w, https:\/\/www.camping-laprevote.fr\/wp-content\/uploads\/2025\/01\/ile-d-yeu-IMG_8494-Personnalise-300x200.jpg 300w, https:\/\/www.camping-laprevote.fr\/wp-content\/uploads\/2025\/01\/ile-d-yeu-IMG_8494-Personnalise-768x512.jpg 768w, https:\/\/www.camping-laprevote.fr\/wp-content\/uploads\/2025\/01\/ile-d-yeu-IMG_8494-Personnalise-500x333.jpg 500w, https:\/\/www.camping-laprevote.fr\/wp-content\/uploads\/2025\/01\/ile-d-yeu-IMG_8494-Personnalise-800x533.jpg 800w\" data-vp-popup-img-size=\"900x600\" data-vp-popup-md-img=\"https:\/\/www.camping-laprevote.fr\/wp-content\/uploads\/2025\/01\/ile-d-yeu-IMG_8494-Personnalise-800x533.jpg\" data-vp-popup-md-img-size=\"800x533\" data-vp-popup-sm-img=\"https:\/\/www.camping-laprevote.fr\/wp-content\/uploads\/2025\/01\/ile-d-yeu-IMG_8494-Personnalise-500x333.jpg\" data-vp-popup-sm-img-size=\"500x333\">\n\t<\/template>\n\t\t\t\t\t\t<figure class=\"vp-portfolio__item\">\n\t\t\t\t\n<div class=\"vp-portfolio__item-img-wrap\">\n\t<div class=\"vp-portfolio__item-img\">\n\t\t\t<a\n\t\thref=\"https:\/\/www.camping-laprevote.fr\/wp-content\/uploads\/2025\/01\/ile-d-yeu-IMG_8494-Personnalise.jpg\"\n\t\taria-label=\"Open image\" \t>\n\t\n\t\t<noscript><img loading=\"lazy\" decoding=\"async\" width=\"900\" height=\"600\" data-skip-lazy src=\"https:\/\/www.camping-laprevote.fr\/wp-content\/uploads\/2025\/01\/ile-d-yeu-IMG_8494-Personnalise.jpg\" class=\"wp-image-471\" alt=\"yeu\" srcset=\"https:\/\/www.camping-laprevote.fr\/wp-content\/uploads\/2025\/01\/ile-d-yeu-IMG_8494-Personnalise.jpg 900w, https:\/\/www.camping-laprevote.fr\/wp-content\/uploads\/2025\/01\/ile-d-yeu-IMG_8494-Personnalise-300x200.jpg 300w, https:\/\/www.camping-laprevote.fr\/wp-content\/uploads\/2025\/01\/ile-d-yeu-IMG_8494-Personnalise-768x512.jpg 768w, https:\/\/www.camping-laprevote.fr\/wp-content\/uploads\/2025\/01\/ile-d-yeu-IMG_8494-Personnalise-500x333.jpg 500w, https:\/\/www.camping-laprevote.fr\/wp-content\/uploads\/2025\/01\/ile-d-yeu-IMG_8494-Personnalise-800x533.jpg 800w\" sizes=\"auto, (max-width: 900px) 100vw, 900px\" \/><\/noscript><img fetchpriority=\"high\" decoding=\"async\" width=\"900\" height=\"600\" src=\"https:\/\/www.camping-laprevote.fr\/wp-content\/uploads\/2025\/01\/ile-d-yeu-IMG_8494-Personnalise.jpg\" class=\"wp-image-471 vp-lazyload\" alt=\"yeu\" srcset=\"data:image\/svg+xml;base64,PHN2ZyB3aWR0aD0iOTAwIiBoZWlnaHQ9IjYwMCIgdmlld0JveD0iMCAwIDkwMCA2MDAiIGZpbGw9Im5vbmUiIHhtbG5zPSJodHRwOi8vd3d3LnczLm9yZy8yMDAwL3N2ZyI+PC9zdmc+\" data-src=\"https:\/\/www.camping-laprevote.fr\/wp-content\/uploads\/2025\/01\/ile-d-yeu-IMG_8494-Personnalise.jpg\" data-srcset=\"https:\/\/www.camping-laprevote.fr\/wp-content\/uploads\/2025\/01\/ile-d-yeu-IMG_8494-Personnalise.jpg 900w, https:\/\/www.camping-laprevote.fr\/wp-content\/uploads\/2025\/01\/ile-d-yeu-IMG_8494-Personnalise-300x200.jpg 300w, https:\/\/www.camping-laprevote.fr\/wp-content\/uploads\/2025\/01\/ile-d-yeu-IMG_8494-Personnalise-768x512.jpg 768w, https:\/\/www.camping-laprevote.fr\/wp-content\/uploads\/2025\/01\/ile-d-yeu-IMG_8494-Personnalise-500x333.jpg 500w, https:\/\/www.camping-laprevote.fr\/wp-content\/uploads\/2025\/01\/ile-d-yeu-IMG_8494-Personnalise-800x533.jpg 800w\" data-sizes=\"auto\" loading=\"eager\">\n\t\t<div class=\"vp-portfolio__item-overlay\">\n\t\t\t\t\t<\/div>\n\n\t\t<\/a>\t<\/div>\n<\/div>\n\n\t\t\t<\/figure>\n\t\t\t\t\t<\/div>\n\t\t\n\t\t<div\t\tclass=\"vp-portfolio__item-wrap vp-portfolio__item-uid-6349a511\" data-vp-filter=\"\" \t\t>\n\t\t\t<template class=\"vp-portfolio__item-popup\" style=\"display: none\" data-vp-popup-img=\"https:\/\/www.camping-laprevote.fr\/wp-content\/uploads\/2025\/01\/ile-d-yeu-IMG_8569-Personnalise.jpg\" data-vp-popup-img-srcset=\"https:\/\/www.camping-laprevote.fr\/wp-content\/uploads\/2025\/01\/ile-d-yeu-IMG_8569-Personnalise.jpg 900w, https:\/\/www.camping-laprevote.fr\/wp-content\/uploads\/2025\/01\/ile-d-yeu-IMG_8569-Personnalise-300x200.jpg 300w, https:\/\/www.camping-laprevote.fr\/wp-content\/uploads\/2025\/01\/ile-d-yeu-IMG_8569-Personnalise-768x512.jpg 768w, https:\/\/www.camping-laprevote.fr\/wp-content\/uploads\/2025\/01\/ile-d-yeu-IMG_8569-Personnalise-500x333.jpg 500w, https:\/\/www.camping-laprevote.fr\/wp-content\/uploads\/2025\/01\/ile-d-yeu-IMG_8569-Personnalise-800x533.jpg 800w\" data-vp-popup-img-size=\"900x600\" data-vp-popup-md-img=\"https:\/\/www.camping-laprevote.fr\/wp-content\/uploads\/2025\/01\/ile-d-yeu-IMG_8569-Personnalise-800x533.jpg\" data-vp-popup-md-img-size=\"800x533\" data-vp-popup-sm-img=\"https:\/\/www.camping-laprevote.fr\/wp-content\/uploads\/2025\/01\/ile-d-yeu-IMG_8569-Personnalise-500x333.jpg\" data-vp-popup-sm-img-size=\"500x333\">\n\t<\/template>\n\t\t\t\t\t\t<figure class=\"vp-portfolio__item\">\n\t\t\t\t\n<div class=\"vp-portfolio__item-img-wrap\">\n\t<div class=\"vp-portfolio__item-img\">\n\t\t\t<a\n\t\thref=\"https:\/\/www.camping-laprevote.fr\/wp-content\/uploads\/2025\/01\/ile-d-yeu-IMG_8569-Personnalise.jpg\"\n\t\taria-label=\"Open image\" \t>\n\t\n\t\t<noscript><img loading=\"lazy\" decoding=\"async\" width=\"900\" height=\"600\" data-skip-lazy src=\"https:\/\/www.camping-laprevote.fr\/wp-content\/uploads\/2025\/01\/ile-d-yeu-IMG_8569-Personnalise.jpg\" class=\"wp-image-472\" alt=\"yeu\" srcset=\"https:\/\/www.camping-laprevote.fr\/wp-content\/uploads\/2025\/01\/ile-d-yeu-IMG_8569-Personnalise.jpg 900w, https:\/\/www.camping-laprevote.fr\/wp-content\/uploads\/2025\/01\/ile-d-yeu-IMG_8569-Personnalise-300x200.jpg 300w, https:\/\/www.camping-laprevote.fr\/wp-content\/uploads\/2025\/01\/ile-d-yeu-IMG_8569-Personnalise-768x512.jpg 768w, https:\/\/www.camping-laprevote.fr\/wp-content\/uploads\/2025\/01\/ile-d-yeu-IMG_8569-Personnalise-500x333.jpg 500w, https:\/\/www.camping-laprevote.fr\/wp-content\/uploads\/2025\/01\/ile-d-yeu-IMG_8569-Personnalise-800x533.jpg 800w\" sizes=\"auto, (max-width: 900px) 100vw, 900px\" \/><\/noscript><img decoding=\"async\" width=\"900\" height=\"600\" src=\"https:\/\/www.camping-laprevote.fr\/wp-content\/uploads\/2025\/01\/ile-d-yeu-IMG_8569-Personnalise.jpg\" class=\"wp-image-472 vp-lazyload\" alt=\"yeu\" srcset=\"data:image\/svg+xml;base64,PHN2ZyB3aWR0aD0iOTAwIiBoZWlnaHQ9IjYwMCIgdmlld0JveD0iMCAwIDkwMCA2MDAiIGZpbGw9Im5vbmUiIHhtbG5zPSJodHRwOi8vd3d3LnczLm9yZy8yMDAwL3N2ZyI+PC9zdmc+\" data-src=\"https:\/\/www.camping-laprevote.fr\/wp-content\/uploads\/2025\/01\/ile-d-yeu-IMG_8569-Personnalise.jpg\" data-srcset=\"https:\/\/www.camping-laprevote.fr\/wp-content\/uploads\/2025\/01\/ile-d-yeu-IMG_8569-Personnalise.jpg 900w, https:\/\/www.camping-laprevote.fr\/wp-content\/uploads\/2025\/01\/ile-d-yeu-IMG_8569-Personnalise-300x200.jpg 300w, https:\/\/www.camping-laprevote.fr\/wp-content\/uploads\/2025\/01\/ile-d-yeu-IMG_8569-Personnalise-768x512.jpg 768w, https:\/\/www.camping-laprevote.fr\/wp-content\/uploads\/2025\/01\/ile-d-yeu-IMG_8569-Personnalise-500x333.jpg 500w, https:\/\/www.camping-laprevote.fr\/wp-content\/uploads\/2025\/01\/ile-d-yeu-IMG_8569-Personnalise-800x533.jpg 800w\" data-sizes=\"auto\" loading=\"eager\">\n\t\t<div class=\"vp-portfolio__item-overlay\">\n\t\t\t\t\t<\/div>\n\n\t\t<\/a>\t<\/div>\n<\/div>\n\n\t\t\t<\/figure>\n\t\t\t\t\t<\/div>\n\t\t\n\t\t<div\t\tclass=\"vp-portfolio__item-wrap vp-portfolio__item-uid-06fb3a69\" data-vp-filter=\"\" \t\t>\n\t\t\t<template class=\"vp-portfolio__item-popup\" style=\"display: none\" data-vp-popup-img=\"https:\/\/www.camping-laprevote.fr\/wp-content\/uploads\/2025\/01\/Bois-de-la-chaise-noirmoutier-IMG_8471-Personnalise.jpg\" data-vp-popup-img-srcset=\"https:\/\/www.camping-laprevote.fr\/wp-content\/uploads\/2025\/01\/Bois-de-la-chaise-noirmoutier-IMG_8471-Personnalise.jpg 900w, https:\/\/www.camping-laprevote.fr\/wp-content\/uploads\/2025\/01\/Bois-de-la-chaise-noirmoutier-IMG_8471-Personnalise-300x200.jpg 300w, https:\/\/www.camping-laprevote.fr\/wp-content\/uploads\/2025\/01\/Bois-de-la-chaise-noirmoutier-IMG_8471-Personnalise-768x512.jpg 768w, https:\/\/www.camping-laprevote.fr\/wp-content\/uploads\/2025\/01\/Bois-de-la-chaise-noirmoutier-IMG_8471-Personnalise-500x333.jpg 500w, https:\/\/www.camping-laprevote.fr\/wp-content\/uploads\/2025\/01\/Bois-de-la-chaise-noirmoutier-IMG_8471-Personnalise-800x533.jpg 800w\" data-vp-popup-img-size=\"900x600\" data-vp-popup-md-img=\"https:\/\/www.camping-laprevote.fr\/wp-content\/uploads\/2025\/01\/Bois-de-la-chaise-noirmoutier-IMG_8471-Personnalise-800x533.jpg\" data-vp-popup-md-img-size=\"800x533\" data-vp-popup-sm-img=\"https:\/\/www.camping-laprevote.fr\/wp-content\/uploads\/2025\/01\/Bois-de-la-chaise-noirmoutier-IMG_8471-Personnalise-500x333.jpg\" data-vp-popup-sm-img-size=\"500x333\">\n\t<\/template>\n\t\t\t\t\t\t<figure class=\"vp-portfolio__item\">\n\t\t\t\t\n<div class=\"vp-portfolio__item-img-wrap\">\n\t<div class=\"vp-portfolio__item-img\">\n\t\t\t<a\n\t\thref=\"https:\/\/www.camping-laprevote.fr\/wp-content\/uploads\/2025\/01\/Bois-de-la-chaise-noirmoutier-IMG_8471-Personnalise.jpg\"\n\t\taria-label=\"Open image\" \t>\n\t\n\t\t<noscript><img loading=\"lazy\" decoding=\"async\" width=\"900\" height=\"600\" data-skip-lazy src=\"https:\/\/www.camping-laprevote.fr\/wp-content\/uploads\/2025\/01\/Bois-de-la-chaise-noirmoutier-IMG_8471-Personnalise.jpg\" class=\"wp-image-473\" alt=\"Noirmoutier\" srcset=\"https:\/\/www.camping-laprevote.fr\/wp-content\/uploads\/2025\/01\/Bois-de-la-chaise-noirmoutier-IMG_8471-Personnalise.jpg 900w, https:\/\/www.camping-laprevote.fr\/wp-content\/uploads\/2025\/01\/Bois-de-la-chaise-noirmoutier-IMG_8471-Personnalise-300x200.jpg 300w, https:\/\/www.camping-laprevote.fr\/wp-content\/uploads\/2025\/01\/Bois-de-la-chaise-noirmoutier-IMG_8471-Personnalise-768x512.jpg 768w, https:\/\/www.camping-laprevote.fr\/wp-content\/uploads\/2025\/01\/Bois-de-la-chaise-noirmoutier-IMG_8471-Personnalise-500x333.jpg 500w, https:\/\/www.camping-laprevote.fr\/wp-content\/uploads\/2025\/01\/Bois-de-la-chaise-noirmoutier-IMG_8471-Personnalise-800x533.jpg 800w\" sizes=\"auto, (max-width: 900px) 100vw, 900px\" \/><\/noscript><img decoding=\"async\" width=\"900\" height=\"600\" src=\"https:\/\/www.camping-laprevote.fr\/wp-content\/uploads\/2025\/01\/Bois-de-la-chaise-noirmoutier-IMG_8471-Personnalise.jpg\" class=\"wp-image-473 vp-lazyload\" alt=\"Noirmoutier\" srcset=\"data:image\/svg+xml;base64,PHN2ZyB3aWR0aD0iOTAwIiBoZWlnaHQ9IjYwMCIgdmlld0JveD0iMCAwIDkwMCA2MDAiIGZpbGw9Im5vbmUiIHhtbG5zPSJodHRwOi8vd3d3LnczLm9yZy8yMDAwL3N2ZyI+PC9zdmc+\" data-src=\"https:\/\/www.camping-laprevote.fr\/wp-content\/uploads\/2025\/01\/Bois-de-la-chaise-noirmoutier-IMG_8471-Personnalise.jpg\" data-srcset=\"https:\/\/www.camping-laprevote.fr\/wp-content\/uploads\/2025\/01\/Bois-de-la-chaise-noirmoutier-IMG_8471-Personnalise.jpg 900w, https:\/\/www.camping-laprevote.fr\/wp-content\/uploads\/2025\/01\/Bois-de-la-chaise-noirmoutier-IMG_8471-Personnalise-300x200.jpg 300w, https:\/\/www.camping-laprevote.fr\/wp-content\/uploads\/2025\/01\/Bois-de-la-chaise-noirmoutier-IMG_8471-Personnalise-768x512.jpg 768w, https:\/\/www.camping-laprevote.fr\/wp-content\/uploads\/2025\/01\/Bois-de-la-chaise-noirmoutier-IMG_8471-Personnalise-500x333.jpg 500w, https:\/\/www.camping-laprevote.fr\/wp-content\/uploads\/2025\/01\/Bois-de-la-chaise-noirmoutier-IMG_8471-Personnalise-800x533.jpg 800w\" data-sizes=\"auto\" loading=\"eager\">\n\t\t<div class=\"vp-portfolio__item-overlay\">\n\t\t\t\t\t<\/div>\n\n\t\t<\/a>\t<\/div>\n<\/div>\n\n\t\t\t<\/figure>\n\t\t\t\t\t<\/div>\n\t\t\n\t\t<div\t\tclass=\"vp-portfolio__item-wrap vp-portfolio__item-uid-2023c8af\" data-vp-filter=\"\" \t\t>\n\t\t\t<template class=\"vp-portfolio__item-popup\" style=\"display: none\" data-vp-popup-img=\"https:\/\/www.camping-laprevote.fr\/wp-content\/uploads\/2025\/01\/Estacade-Noirmoutier-DSC_3187-Personnalise.jpg\" data-vp-popup-img-srcset=\"https:\/\/www.camping-laprevote.fr\/wp-content\/uploads\/2025\/01\/Estacade-Noirmoutier-DSC_3187-Personnalise.jpg 900w, https:\/\/www.camping-laprevote.fr\/wp-content\/uploads\/2025\/01\/Estacade-Noirmoutier-DSC_3187-Personnalise-300x200.jpg 300w, https:\/\/www.camping-laprevote.fr\/wp-content\/uploads\/2025\/01\/Estacade-Noirmoutier-DSC_3187-Personnalise-768x512.jpg 768w, https:\/\/www.camping-laprevote.fr\/wp-content\/uploads\/2025\/01\/Estacade-Noirmoutier-DSC_3187-Personnalise-500x333.jpg 500w, https:\/\/www.camping-laprevote.fr\/wp-content\/uploads\/2025\/01\/Estacade-Noirmoutier-DSC_3187-Personnalise-800x533.jpg 800w\" data-vp-popup-img-size=\"900x600\" data-vp-popup-md-img=\"https:\/\/www.camping-laprevote.fr\/wp-content\/uploads\/2025\/01\/Estacade-Noirmoutier-DSC_3187-Personnalise-800x533.jpg\" data-vp-popup-md-img-size=\"800x533\" data-vp-popup-sm-img=\"https:\/\/www.camping-laprevote.fr\/wp-content\/uploads\/2025\/01\/Estacade-Noirmoutier-DSC_3187-Personnalise-500x333.jpg\" data-vp-popup-sm-img-size=\"500x333\">\n\t<\/template>\n\t\t\t\t\t\t<figure class=\"vp-portfolio__item\">\n\t\t\t\t\n<div class=\"vp-portfolio__item-img-wrap\">\n\t<div class=\"vp-portfolio__item-img\">\n\t\t\t<a\n\t\thref=\"https:\/\/www.camping-laprevote.fr\/wp-content\/uploads\/2025\/01\/Estacade-Noirmoutier-DSC_3187-Personnalise.jpg\"\n\t\taria-label=\"Open image\" \t>\n\t\n\t\t<noscript><img loading=\"lazy\" decoding=\"async\" width=\"900\" height=\"600\" data-skip-lazy src=\"https:\/\/www.camping-laprevote.fr\/wp-content\/uploads\/2025\/01\/Estacade-Noirmoutier-DSC_3187-Personnalise.jpg\" class=\"wp-image-474\" alt=\"Noirmoutier\" srcset=\"https:\/\/www.camping-laprevote.fr\/wp-content\/uploads\/2025\/01\/Estacade-Noirmoutier-DSC_3187-Personnalise.jpg 900w, https:\/\/www.camping-laprevote.fr\/wp-content\/uploads\/2025\/01\/Estacade-Noirmoutier-DSC_3187-Personnalise-300x200.jpg 300w, https:\/\/www.camping-laprevote.fr\/wp-content\/uploads\/2025\/01\/Estacade-Noirmoutier-DSC_3187-Personnalise-768x512.jpg 768w, https:\/\/www.camping-laprevote.fr\/wp-content\/uploads\/2025\/01\/Estacade-Noirmoutier-DSC_3187-Personnalise-500x333.jpg 500w, https:\/\/www.camping-laprevote.fr\/wp-content\/uploads\/2025\/01\/Estacade-Noirmoutier-DSC_3187-Personnalise-800x533.jpg 800w\" sizes=\"auto, (max-width: 900px) 100vw, 900px\" \/><\/noscript><img decoding=\"async\" width=\"900\" height=\"600\" src=\"https:\/\/www.camping-laprevote.fr\/wp-content\/uploads\/2025\/01\/Estacade-Noirmoutier-DSC_3187-Personnalise.jpg\" class=\"wp-image-474 vp-lazyload\" alt=\"Noirmoutier\" srcset=\"data:image\/svg+xml;base64,PHN2ZyB3aWR0aD0iOTAwIiBoZWlnaHQ9IjYwMCIgdmlld0JveD0iMCAwIDkwMCA2MDAiIGZpbGw9Im5vbmUiIHhtbG5zPSJodHRwOi8vd3d3LnczLm9yZy8yMDAwL3N2ZyI+PC9zdmc+\" data-src=\"https:\/\/www.camping-laprevote.fr\/wp-content\/uploads\/2025\/01\/Estacade-Noirmoutier-DSC_3187-Personnalise.jpg\" data-srcset=\"https:\/\/www.camping-laprevote.fr\/wp-content\/uploads\/2025\/01\/Estacade-Noirmoutier-DSC_3187-Personnalise.jpg 900w, https:\/\/www.camping-laprevote.fr\/wp-content\/uploads\/2025\/01\/Estacade-Noirmoutier-DSC_3187-Personnalise-300x200.jpg 300w, https:\/\/www.camping-laprevote.fr\/wp-content\/uploads\/2025\/01\/Estacade-Noirmoutier-DSC_3187-Personnalise-768x512.jpg 768w, https:\/\/www.camping-laprevote.fr\/wp-content\/uploads\/2025\/01\/Estacade-Noirmoutier-DSC_3187-Personnalise-500x333.jpg 500w, https:\/\/www.camping-laprevote.fr\/wp-content\/uploads\/2025\/01\/Estacade-Noirmoutier-DSC_3187-Personnalise-800x533.jpg 800w\" data-sizes=\"auto\" loading=\"eager\">\n\t\t<div class=\"vp-portfolio__item-overlay\">\n\t\t\t\t\t<\/div>\n\n\t\t<\/a>\t<\/div>\n<\/div>\n\n\t\t\t<\/figure>\n\t\t\t\t\t<\/div>\n\t\t\n\t\t<div\t\tclass=\"vp-portfolio__item-wrap vp-portfolio__item-uid-e8536d9a\" data-vp-filter=\"\" \t\t>\n\t\t\t<template class=\"vp-portfolio__item-popup\" style=\"display: none\" data-vp-popup-img=\"https:\/\/www.camping-laprevote.fr\/wp-content\/uploads\/2025\/01\/Bourg_Epine-2-Personnalise.jpg\" data-vp-popup-img-srcset=\"https:\/\/www.camping-laprevote.fr\/wp-content\/uploads\/2025\/01\/Bourg_Epine-2-Personnalise.jpg 600w, https:\/\/www.camping-laprevote.fr\/wp-content\/uploads\/2025\/01\/Bourg_Epine-2-Personnalise-200x300.jpg 200w, https:\/\/www.camping-laprevote.fr\/wp-content\/uploads\/2025\/01\/Bourg_Epine-2-Personnalise-500x750.jpg 500w\" data-vp-popup-img-size=\"600x900\" data-vp-popup-md-img=\"https:\/\/www.camping-laprevote.fr\/wp-content\/uploads\/2025\/01\/Bourg_Epine-2-Personnalise.jpg\" data-vp-popup-md-img-size=\"600x900\" data-vp-popup-sm-img=\"https:\/\/www.camping-laprevote.fr\/wp-content\/uploads\/2025\/01\/Bourg_Epine-2-Personnalise-500x750.jpg\" data-vp-popup-sm-img-size=\"500x750\">\n\t<\/template>\n\t\t\t\t\t\t<figure class=\"vp-portfolio__item\">\n\t\t\t\t\n<div class=\"vp-portfolio__item-img-wrap\">\n\t<div class=\"vp-portfolio__item-img\">\n\t\t\t<a\n\t\thref=\"https:\/\/www.camping-laprevote.fr\/wp-content\/uploads\/2025\/01\/Bourg_Epine-2-Personnalise.jpg\"\n\t\taria-label=\"Open image\" \t>\n\t\n\t\t<noscript><img loading=\"lazy\" decoding=\"async\" width=\"600\" height=\"900\" data-skip-lazy src=\"https:\/\/www.camping-laprevote.fr\/wp-content\/uploads\/2025\/01\/Bourg_Epine-2-Personnalise.jpg\" class=\"wp-image-1181\" alt=\"noirmoutier\" srcset=\"https:\/\/www.camping-laprevote.fr\/wp-content\/uploads\/2025\/01\/Bourg_Epine-2-Personnalise.jpg 600w, https:\/\/www.camping-laprevote.fr\/wp-content\/uploads\/2025\/01\/Bourg_Epine-2-Personnalise-200x300.jpg 200w, https:\/\/www.camping-laprevote.fr\/wp-content\/uploads\/2025\/01\/Bourg_Epine-2-Personnalise-500x750.jpg 500w\" sizes=\"auto, (max-width: 600px) 100vw, 600px\" \/><\/noscript><img decoding=\"async\" width=\"600\" height=\"900\" src=\"https:\/\/www.camping-laprevote.fr\/wp-content\/uploads\/2025\/01\/Bourg_Epine-2-Personnalise.jpg\" class=\"wp-image-1181 vp-lazyload\" alt=\"noirmoutier\" srcset=\"data:image\/svg+xml;base64,PHN2ZyB3aWR0aD0iNjAwIiBoZWlnaHQ9IjkwMCIgdmlld0JveD0iMCAwIDYwMCA5MDAiIGZpbGw9Im5vbmUiIHhtbG5zPSJodHRwOi8vd3d3LnczLm9yZy8yMDAwL3N2ZyI+PC9zdmc+\" data-src=\"https:\/\/www.camping-laprevote.fr\/wp-content\/uploads\/2025\/01\/Bourg_Epine-2-Personnalise.jpg\" data-srcset=\"https:\/\/www.camping-laprevote.fr\/wp-content\/uploads\/2025\/01\/Bourg_Epine-2-Personnalise.jpg 600w, https:\/\/www.camping-laprevote.fr\/wp-content\/uploads\/2025\/01\/Bourg_Epine-2-Personnalise-200x300.jpg 200w, https:\/\/www.camping-laprevote.fr\/wp-content\/uploads\/2025\/01\/Bourg_Epine-2-Personnalise-500x750.jpg 500w\" data-sizes=\"auto\" loading=\"eager\">\n\t\t<div class=\"vp-portfolio__item-overlay\">\n\t\t\t\t\t<\/div>\n\n\t\t<\/a>\t<\/div>\n<\/div>\n\n\t\t\t<\/figure>\n\t\t\t\t\t<\/div>\n\t\t\n\t\t<div\t\tclass=\"vp-portfolio__item-wrap vp-portfolio__item-uid-4c3a1590\" data-vp-filter=\"\" \t\t>\n\t\t\t<template class=\"vp-portfolio__item-popup\" style=\"display: none\" data-vp-popup-img=\"https:\/\/www.camping-laprevote.fr\/wp-content\/uploads\/2025\/01\/Polder_Barbatre-24-Personnalise.jpg\" data-vp-popup-img-srcset=\"https:\/\/www.camping-laprevote.fr\/wp-content\/uploads\/2025\/01\/Polder_Barbatre-24-Personnalise.jpg 900w, https:\/\/www.camping-laprevote.fr\/wp-content\/uploads\/2025\/01\/Polder_Barbatre-24-Personnalise-300x200.jpg 300w, https:\/\/www.camping-laprevote.fr\/wp-content\/uploads\/2025\/01\/Polder_Barbatre-24-Personnalise-768x512.jpg 768w, https:\/\/www.camping-laprevote.fr\/wp-content\/uploads\/2025\/01\/Polder_Barbatre-24-Personnalise-500x333.jpg 500w, https:\/\/www.camping-laprevote.fr\/wp-content\/uploads\/2025\/01\/Polder_Barbatre-24-Personnalise-800x533.jpg 800w\" data-vp-popup-img-size=\"900x600\" data-vp-popup-md-img=\"https:\/\/www.camping-laprevote.fr\/wp-content\/uploads\/2025\/01\/Polder_Barbatre-24-Personnalise-800x533.jpg\" data-vp-popup-md-img-size=\"800x533\" data-vp-popup-sm-img=\"https:\/\/www.camping-laprevote.fr\/wp-content\/uploads\/2025\/01\/Polder_Barbatre-24-Personnalise-500x333.jpg\" data-vp-popup-sm-img-size=\"500x333\">\n\t<\/template>\n\t\t\t\t\t\t<figure class=\"vp-portfolio__item\">\n\t\t\t\t\n<div class=\"vp-portfolio__item-img-wrap\">\n\t<div class=\"vp-portfolio__item-img\">\n\t\t\t<a\n\t\thref=\"https:\/\/www.camping-laprevote.fr\/wp-content\/uploads\/2025\/01\/Polder_Barbatre-24-Personnalise.jpg\"\n\t\taria-label=\"Open image\" \t>\n\t\n\t\t<noscript><img loading=\"lazy\" decoding=\"async\" width=\"900\" height=\"600\" data-skip-lazy src=\"https:\/\/www.camping-laprevote.fr\/wp-content\/uploads\/2025\/01\/Polder_Barbatre-24-Personnalise.jpg\" class=\"wp-image-1182\" alt=\"noirmoutier\" srcset=\"https:\/\/www.camping-laprevote.fr\/wp-content\/uploads\/2025\/01\/Polder_Barbatre-24-Personnalise.jpg 900w, https:\/\/www.camping-laprevote.fr\/wp-content\/uploads\/2025\/01\/Polder_Barbatre-24-Personnalise-300x200.jpg 300w, https:\/\/www.camping-laprevote.fr\/wp-content\/uploads\/2025\/01\/Polder_Barbatre-24-Personnalise-768x512.jpg 768w, https:\/\/www.camping-laprevote.fr\/wp-content\/uploads\/2025\/01\/Polder_Barbatre-24-Personnalise-500x333.jpg 500w, https:\/\/www.camping-laprevote.fr\/wp-content\/uploads\/2025\/01\/Polder_Barbatre-24-Personnalise-800x533.jpg 800w\" sizes=\"auto, (max-width: 900px) 100vw, 900px\" \/><\/noscript><img decoding=\"async\" width=\"900\" height=\"600\" src=\"https:\/\/www.camping-laprevote.fr\/wp-content\/uploads\/2025\/01\/Polder_Barbatre-24-Personnalise.jpg\" class=\"wp-image-1182 vp-lazyload\" alt=\"noirmoutier\" srcset=\"data:image\/svg+xml;base64,PHN2ZyB3aWR0aD0iOTAwIiBoZWlnaHQ9IjYwMCIgdmlld0JveD0iMCAwIDkwMCA2MDAiIGZpbGw9Im5vbmUiIHhtbG5zPSJodHRwOi8vd3d3LnczLm9yZy8yMDAwL3N2ZyI+PC9zdmc+\" data-src=\"https:\/\/www.camping-laprevote.fr\/wp-content\/uploads\/2025\/01\/Polder_Barbatre-24-Personnalise.jpg\" data-srcset=\"https:\/\/www.camping-laprevote.fr\/wp-content\/uploads\/2025\/01\/Polder_Barbatre-24-Personnalise.jpg 900w, https:\/\/www.camping-laprevote.fr\/wp-content\/uploads\/2025\/01\/Polder_Barbatre-24-Personnalise-300x200.jpg 300w, https:\/\/www.camping-laprevote.fr\/wp-content\/uploads\/2025\/01\/Polder_Barbatre-24-Personnalise-768x512.jpg 768w, https:\/\/www.camping-laprevote.fr\/wp-content\/uploads\/2025\/01\/Polder_Barbatre-24-Personnalise-500x333.jpg 500w, https:\/\/www.camping-laprevote.fr\/wp-content\/uploads\/2025\/01\/Polder_Barbatre-24-Personnalise-800x533.jpg 800w\" data-sizes=\"auto\" loading=\"eager\">\n\t\t<div class=\"vp-portfolio__item-overlay\">\n\t\t\t\t\t<\/div>\n\n\t\t<\/a>\t<\/div>\n<\/div>\n\n\t\t\t<\/figure>\n\t\t\t\t\t<\/div>\n\t\t\n\t\t<div\t\tclass=\"vp-portfolio__item-wrap vp-portfolio__item-uid-7c9d5fd6\" data-vp-filter=\"\" \t\t>\n\t\t\t<template class=\"vp-portfolio__item-popup\" style=\"display: none\" data-vp-popup-img=\"https:\/\/www.camping-laprevote.fr\/wp-content\/uploads\/2025\/01\/VeloalIledYeu19-Personnalise.jpg\" data-vp-popup-img-srcset=\"https:\/\/www.camping-laprevote.fr\/wp-content\/uploads\/2025\/01\/VeloalIledYeu19-Personnalise.jpg 900w, https:\/\/www.camping-laprevote.fr\/wp-content\/uploads\/2025\/01\/VeloalIledYeu19-Personnalise-300x200.jpg 300w, https:\/\/www.camping-laprevote.fr\/wp-content\/uploads\/2025\/01\/VeloalIledYeu19-Personnalise-768x512.jpg 768w, https:\/\/www.camping-laprevote.fr\/wp-content\/uploads\/2025\/01\/VeloalIledYeu19-Personnalise-500x333.jpg 500w, https:\/\/www.camping-laprevote.fr\/wp-content\/uploads\/2025\/01\/VeloalIledYeu19-Personnalise-800x533.jpg 800w\" data-vp-popup-img-size=\"900x600\" data-vp-popup-md-img=\"https:\/\/www.camping-laprevote.fr\/wp-content\/uploads\/2025\/01\/VeloalIledYeu19-Personnalise-800x533.jpg\" data-vp-popup-md-img-size=\"800x533\" data-vp-popup-sm-img=\"https:\/\/www.camping-laprevote.fr\/wp-content\/uploads\/2025\/01\/VeloalIledYeu19-Personnalise-500x333.jpg\" data-vp-popup-sm-img-size=\"500x333\">\n\t<\/template>\n\t\t\t\t\t\t<figure class=\"vp-portfolio__item\">\n\t\t\t\t\n<div class=\"vp-portfolio__item-img-wrap\">\n\t<div class=\"vp-portfolio__item-img\">\n\t\t\t<a\n\t\thref=\"https:\/\/www.camping-laprevote.fr\/wp-content\/uploads\/2025\/01\/VeloalIledYeu19-Personnalise.jpg\"\n\t\taria-label=\"Open image\" \t>\n\t\n\t\t<noscript><img loading=\"lazy\" decoding=\"async\" width=\"900\" height=\"600\" data-skip-lazy src=\"https:\/\/www.camping-laprevote.fr\/wp-content\/uploads\/2025\/01\/VeloalIledYeu19-Personnalise.jpg\" class=\"wp-image-1183\" alt=\"\u00eele d&#039;yeu\" srcset=\"https:\/\/www.camping-laprevote.fr\/wp-content\/uploads\/2025\/01\/VeloalIledYeu19-Personnalise.jpg 900w, https:\/\/www.camping-laprevote.fr\/wp-content\/uploads\/2025\/01\/VeloalIledYeu19-Personnalise-300x200.jpg 300w, https:\/\/www.camping-laprevote.fr\/wp-content\/uploads\/2025\/01\/VeloalIledYeu19-Personnalise-768x512.jpg 768w, https:\/\/www.camping-laprevote.fr\/wp-content\/uploads\/2025\/01\/VeloalIledYeu19-Personnalise-500x333.jpg 500w, https:\/\/www.camping-laprevote.fr\/wp-content\/uploads\/2025\/01\/VeloalIledYeu19-Personnalise-800x533.jpg 800w\" sizes=\"auto, (max-width: 900px) 100vw, 900px\" \/><\/noscript><img decoding=\"async\" width=\"900\" height=\"600\" src=\"https:\/\/www.camping-laprevote.fr\/wp-content\/uploads\/2025\/01\/VeloalIledYeu19-Personnalise.jpg\" class=\"wp-image-1183 vp-lazyload\" alt=\"\u00eele d&#039;yeu\" srcset=\"data:image\/svg+xml;base64,PHN2ZyB3aWR0aD0iOTAwIiBoZWlnaHQ9IjYwMCIgdmlld0JveD0iMCAwIDkwMCA2MDAiIGZpbGw9Im5vbmUiIHhtbG5zPSJodHRwOi8vd3d3LnczLm9yZy8yMDAwL3N2ZyI+PC9zdmc+\" data-src=\"https:\/\/www.camping-laprevote.fr\/wp-content\/uploads\/2025\/01\/VeloalIledYeu19-Personnalise.jpg\" data-srcset=\"https:\/\/www.camping-laprevote.fr\/wp-content\/uploads\/2025\/01\/VeloalIledYeu19-Personnalise.jpg 900w, https:\/\/www.camping-laprevote.fr\/wp-content\/uploads\/2025\/01\/VeloalIledYeu19-Personnalise-300x200.jpg 300w, https:\/\/www.camping-laprevote.fr\/wp-content\/uploads\/2025\/01\/VeloalIledYeu19-Personnalise-768x512.jpg 768w, https:\/\/www.camping-laprevote.fr\/wp-content\/uploads\/2025\/01\/VeloalIledYeu19-Personnalise-500x333.jpg 500w, https:\/\/www.camping-laprevote.fr\/wp-content\/uploads\/2025\/01\/VeloalIledYeu19-Personnalise-800x533.jpg 800w\" data-sizes=\"auto\" loading=\"eager\">\n\t\t<div class=\"vp-portfolio__item-overlay\">\n\t\t\t\t\t<\/div>\n\n\t\t<\/a>\t<\/div>\n<\/div>\n\n\t\t\t<\/figure>\n\t\t\t\t\t<\/div>\n\t\t\n\t\t<div\t\tclass=\"vp-portfolio__item-wrap vp-portfolio__item-uid-df99e3c5\" data-vp-filter=\"\" \t\t>\n\t\t\t<template class=\"vp-portfolio__item-popup\" style=\"display: none\" data-vp-popup-img=\"https:\/\/www.camping-laprevote.fr\/wp-content\/uploads\/2025\/01\/VeloalIledYeu22-Personnalise.jpg\" data-vp-popup-img-srcset=\"https:\/\/www.camping-laprevote.fr\/wp-content\/uploads\/2025\/01\/VeloalIledYeu22-Personnalise.jpg 900w, https:\/\/www.camping-laprevote.fr\/wp-content\/uploads\/2025\/01\/VeloalIledYeu22-Personnalise-300x200.jpg 300w, https:\/\/www.camping-laprevote.fr\/wp-content\/uploads\/2025\/01\/VeloalIledYeu22-Personnalise-768x512.jpg 768w, https:\/\/www.camping-laprevote.fr\/wp-content\/uploads\/2025\/01\/VeloalIledYeu22-Personnalise-500x333.jpg 500w, https:\/\/www.camping-laprevote.fr\/wp-content\/uploads\/2025\/01\/VeloalIledYeu22-Personnalise-800x533.jpg 800w\" data-vp-popup-img-size=\"900x600\" data-vp-popup-md-img=\"https:\/\/www.camping-laprevote.fr\/wp-content\/uploads\/2025\/01\/VeloalIledYeu22-Personnalise-800x533.jpg\" data-vp-popup-md-img-size=\"800x533\" data-vp-popup-sm-img=\"https:\/\/www.camping-laprevote.fr\/wp-content\/uploads\/2025\/01\/VeloalIledYeu22-Personnalise-500x333.jpg\" data-vp-popup-sm-img-size=\"500x333\">\n\t<\/template>\n\t\t\t\t\t\t<figure class=\"vp-portfolio__item\">\n\t\t\t\t\n<div class=\"vp-portfolio__item-img-wrap\">\n\t<div class=\"vp-portfolio__item-img\">\n\t\t\t<a\n\t\thref=\"https:\/\/www.camping-laprevote.fr\/wp-content\/uploads\/2025\/01\/VeloalIledYeu22-Personnalise.jpg\"\n\t\taria-label=\"Open image\" \t>\n\t\n\t\t<noscript><img loading=\"lazy\" decoding=\"async\" width=\"900\" height=\"600\" data-skip-lazy src=\"https:\/\/www.camping-laprevote.fr\/wp-content\/uploads\/2025\/01\/VeloalIledYeu22-Personnalise.jpg\" class=\"wp-image-1184\" alt=\"ile d&#039;yeu\" srcset=\"https:\/\/www.camping-laprevote.fr\/wp-content\/uploads\/2025\/01\/VeloalIledYeu22-Personnalise.jpg 900w, https:\/\/www.camping-laprevote.fr\/wp-content\/uploads\/2025\/01\/VeloalIledYeu22-Personnalise-300x200.jpg 300w, https:\/\/www.camping-laprevote.fr\/wp-content\/uploads\/2025\/01\/VeloalIledYeu22-Personnalise-768x512.jpg 768w, https:\/\/www.camping-laprevote.fr\/wp-content\/uploads\/2025\/01\/VeloalIledYeu22-Personnalise-500x333.jpg 500w, https:\/\/www.camping-laprevote.fr\/wp-content\/uploads\/2025\/01\/VeloalIledYeu22-Personnalise-800x533.jpg 800w\" sizes=\"auto, (max-width: 900px) 100vw, 900px\" \/><\/noscript><img decoding=\"async\" width=\"900\" height=\"600\" src=\"https:\/\/www.camping-laprevote.fr\/wp-content\/uploads\/2025\/01\/VeloalIledYeu22-Personnalise.jpg\" class=\"wp-image-1184 vp-lazyload\" alt=\"ile d&#039;yeu\" srcset=\"data:image\/svg+xml;base64,PHN2ZyB3aWR0aD0iOTAwIiBoZWlnaHQ9IjYwMCIgdmlld0JveD0iMCAwIDkwMCA2MDAiIGZpbGw9Im5vbmUiIHhtbG5zPSJodHRwOi8vd3d3LnczLm9yZy8yMDAwL3N2ZyI+PC9zdmc+\" data-src=\"https:\/\/www.camping-laprevote.fr\/wp-content\/uploads\/2025\/01\/VeloalIledYeu22-Personnalise.jpg\" data-srcset=\"https:\/\/www.camping-laprevote.fr\/wp-content\/uploads\/2025\/01\/VeloalIledYeu22-Personnalise.jpg 900w, https:\/\/www.camping-laprevote.fr\/wp-content\/uploads\/2025\/01\/VeloalIledYeu22-Personnalise-300x200.jpg 300w, https:\/\/www.camping-laprevote.fr\/wp-content\/uploads\/2025\/01\/VeloalIledYeu22-Personnalise-768x512.jpg 768w, https:\/\/www.camping-laprevote.fr\/wp-content\/uploads\/2025\/01\/VeloalIledYeu22-Personnalise-500x333.jpg 500w, https:\/\/www.camping-laprevote.fr\/wp-content\/uploads\/2025\/01\/VeloalIledYeu22-Personnalise-800x533.jpg 800w\" data-sizes=\"auto\" loading=\"eager\">\n\t\t<div class=\"vp-portfolio__item-overlay\">\n\t\t\t\t\t<\/div>\n\n\t\t<\/a>\t<\/div>\n<\/div>\n\n\t\t\t<\/figure>\n\t\t\t\t\t<\/div>\n\t\t\n<\/div>\n\t\t<\/div>\n\t\t\n<\/div>\n<\/div>","protected":false},"excerpt":{"rendered":"<p>L&rsquo;\u00eele d&rsquo;Yeu, Joyau de l&rsquo;Atlantique Lieu incontournable pendant vos vacances. Laissez vous embarquer \u00e0 bord d&rsquo;un bateau, avec la possibilit\u00e9 de faire la travers\u00e9e en 1h au d\u00e9part de St Gilles Croix de Vie). Vous arriverez \u00e0 port Joinville et vous pourrez ainsi d\u00e9couvrir une \u00eele qui regorge de lieux incontournables \u00e0 visiter \u00e0 pied, [&hellip;]<\/p>\n","protected":false},"author":1,"featured_media":10140,"parent":0,"menu_order":0,"comment_status":"closed","ping_status":"closed","template":"","meta":{"_acf_changed":false,"_seopress_robots_primary_cat":"","_seopress_titles_title":"C\u00f4t\u00e9 \u00eeles, vous en prendrez plein les yeux","_seopress_titles_desc":"Que ce soit l'\u00eele d'Yeu ou celle de Noirmoutier, offrez vous une pause au grand air le temps d'une journ\u00e9e en visitant ces magnifiques lieux.","_seopress_robots_index":"","_vp_format_video_url":"","_vp_image_focal_point":[],"footnotes":""},"class_list":["post-469","page","type-page","status-publish","has-post-thumbnail","hentry"],"acf":[],"_links":{"self":[{"href":"https:\/\/www.camping-laprevote.fr\/en\/wp-json\/wp\/v2\/pages\/469","targetHints":{"allow":["GET"]}}],"collection":[{"href":"https:\/\/www.camping-laprevote.fr\/en\/wp-json\/wp\/v2\/pages"}],"about":[{"href":"https:\/\/www.camping-laprevote.fr\/en\/wp-json\/wp\/v2\/types\/page"}],"author":[{"embeddable":true,"href":"https:\/\/www.camping-laprevote.fr\/en\/wp-json\/wp\/v2\/users\/1"}],"replies":[{"embeddable":true,"href":"https:\/\/www.camping-laprevote.fr\/en\/wp-json\/wp\/v2\/comments?post=469"}],"version-history":[{"count":18,"href":"https:\/\/www.camping-laprevote.fr\/en\/wp-json\/wp\/v2\/pages\/469\/revisions"}],"predecessor-version":[{"id":10320,"href":"https:\/\/www.camping-laprevote.fr\/en\/wp-json\/wp\/v2\/pages\/469\/revisions\/10320"}],"wp:featuredmedia":[{"embeddable":true,"href":"https:\/\/www.camping-laprevote.fr\/en\/wp-json\/wp\/v2\/media\/10140"}],"wp:attachment":[{"href":"https:\/\/www.camping-laprevote.fr\/en\/wp-json\/wp\/v2\/media?parent=469"}],"curies":[{"name":"wp","href":"https:\/\/api.w.org\/{rel}","templated":true}]}}